{"version":"1.0","provider_name":"academiacatolica.com | Hacia la contemplaci\u00f3n de la verdad","provider_url":"https:\/\/academiacatolica.com","author_name":"academiacatolica.com","author_url":"https:\/\/academiacatolica.com\/index.php\/author\/academiacatolica-com\/","title":"Serm\u00f3n de Navidad (2024) - academiacatolica.com | Hacia la contemplaci\u00f3n de la verdad","type":"rich","width":600,"height":338,"html":"<blockquote class=\"wp-embedded-content\" data-secret=\"llpo7CWnsg\"><a href=\"https:\/\/academiacatolica.com\/index.php\/2025\/01\/01\/sermon-de-navidad-2024\/\">Serm\u00f3n de Navidad (2024)<\/a><\/blockquote><iframe sandbox=\"allow-scripts\" security=\"restricted\" src=\"https:\/\/academiacatolica.com\/index.php\/2025\/01\/01\/sermon-de-navidad-2024\/embed\/#?secret=llpo7CWnsg\" width=\"600\" height=\"338\" title=\"\u00abSerm\u00f3n de Navidad (2024)\u00bb \u2014 academiacatolica.com | Hacia la contemplaci\u00f3n de la verdad\" data-secret=\"llpo7CWnsg\" frameborder=\"0\" marginwidth=\"0\" marginheight=\"0\" scrolling=\"no\" class=\"wp-embedded-content\"><\/iframe><script type=\"text\/javascript\">\n\/* <![CDATA[ *\/\n\/*! This file is auto-generated *\/\n!function(d,l){\"use strict\";l.querySelector&&d.addEventListener&&\"undefined\"!=typeof URL&&(d.wp=d.wp||{},d.wp.receiveEmbedMessage||(d.wp.receiveEmbedMessage=function(e){var t=e.data;if((t||t.secret||t.message||t.value)&&!\/[^a-zA-Z0-9]\/.test(t.secret)){for(var s,r,n,a=l.querySelectorAll('iframe[data-secret=\"'+t.secret+'\"]'),o=l.querySelectorAll('blockquote[data-secret=\"'+t.secret+'\"]'),c=new RegExp(\"^https?:$\",\"i\"),i=0;i<o.length;i++)o[i].style.display=\"none\";for(i=0;i<a.length;i++)s=a[i],e.source===s.contentWindow&&(s.removeAttribute(\"style\"),\"height\"===t.message?(1e3<(r=parseInt(t.value,10))?r=1e3:~~r<200&&(r=200),s.height=r):\"link\"===t.message&&(r=new URL(s.getAttribute(\"src\")),n=new URL(t.value),c.test(n.protocol))&&n.host===r.host&&l.activeElement===s&&(d.top.location.href=t.value))}},d.addEventListener(\"message\",d.wp.receiveEmbedMessage,!1),l.addEventListener(\"DOMContentLoaded\",function(){for(var e,t,s=l.querySelectorAll(\"iframe.wp-embedded-content\"),r=0;r<s.length;r++)(t=(e=s[r]).getAttribute(\"data-secret\"))||(t=Math.random().toString(36).substring(2,12),e.src+=\"#?secret=\"+t,e.setAttribute(\"data-secret\",t)),e.contentWindow.postMessage({message:\"ready\",secret:t},\"*\")},!1)))}(window,document);\n\/* ]]> *\/\n<\/script>\n","thumbnail_url":"https:\/\/academiacatolica.com\/wp-content\/uploads\/2025\/01\/a-black-and-white-sketch-drawing-with-so_8aK-Hm5FTQuDOBX8AkrLtA_a4zmZkYeQ0CfiTzUX4kkOA.png","thumbnail_width":1312,"thumbnail_height":736,"description":"[et_pb_section admin_label=\u00bbsection\u00bb] [et_pb_row admin_label=\u00bbrow\u00bb] [et_pb_column type=\u00bb4_4&#8243;][et_pb_text admin_label=\u00bbText\u00bb] Queridos amigos: Les comparto el serm\u00f3n que prediqu\u00e9 en el d\u00eda de ayer sobre la Sagrada Familia. Bendiciones para todos. LAS VIRTUDES DE LA SAGRADA FAMILIA Queridos hermanos, hoy celebramos la fiesta de la Sagrada Familia de Jes\u00fas, Mar\u00eda y Jos\u00e9. Podemos decir que la Sagrada familia es [&hellip;]"}