{"version":"1.0","provider_name":"academiacatolica.com | Hacia la contemplaci\u00f3n de la verdad","provider_url":"https:\/\/academiacatolica.com","author_name":"Padre Tomas","author_url":"https:\/\/academiacatolica.com\/index.php\/author\/padretbtritten\/","title":"Domingo de Pentecost\u00e9s - Homil\u00eda - academiacatolica.com | Hacia la contemplaci\u00f3n de la verdad","type":"rich","width":600,"height":338,"html":"<blockquote class=\"wp-embedded-content\" data-secret=\"1uU6c4tSj7\"><a href=\"https:\/\/academiacatolica.com\/index.php\/2025\/06\/11\/domingo-de-pentecostes-homilia\/\">Domingo de Pentecost\u00e9s &#8211; Homil\u00eda<\/a><\/blockquote><iframe sandbox=\"allow-scripts\" security=\"restricted\" src=\"https:\/\/academiacatolica.com\/index.php\/2025\/06\/11\/domingo-de-pentecostes-homilia\/embed\/#?secret=1uU6c4tSj7\" width=\"600\" height=\"338\" title=\"\u00abDomingo de Pentecost\u00e9s &#8211; Homil\u00eda\u00bb \u2014 academiacatolica.com | Hacia la contemplaci\u00f3n de la verdad\" data-secret=\"1uU6c4tSj7\" frameborder=\"0\" marginwidth=\"0\" marginheight=\"0\" scrolling=\"no\" class=\"wp-embedded-content\"><\/iframe><script type=\"text\/javascript\">\n\/* <![CDATA[ *\/\n\/*! This file is auto-generated *\/\n!function(d,l){\"use strict\";l.querySelector&&d.addEventListener&&\"undefined\"!=typeof URL&&(d.wp=d.wp||{},d.wp.receiveEmbedMessage||(d.wp.receiveEmbedMessage=function(e){var t=e.data;if((t||t.secret||t.message||t.value)&&!\/[^a-zA-Z0-9]\/.test(t.secret)){for(var s,r,n,a=l.querySelectorAll('iframe[data-secret=\"'+t.secret+'\"]'),o=l.querySelectorAll('blockquote[data-secret=\"'+t.secret+'\"]'),c=new RegExp(\"^https?:$\",\"i\"),i=0;i<o.length;i++)o[i].style.display=\"none\";for(i=0;i<a.length;i++)s=a[i],e.source===s.contentWindow&&(s.removeAttribute(\"style\"),\"height\"===t.message?(1e3<(r=parseInt(t.value,10))?r=1e3:~~r<200&&(r=200),s.height=r):\"link\"===t.message&&(r=new URL(s.getAttribute(\"src\")),n=new URL(t.value),c.test(n.protocol))&&n.host===r.host&&l.activeElement===s&&(d.top.location.href=t.value))}},d.addEventListener(\"message\",d.wp.receiveEmbedMessage,!1),l.addEventListener(\"DOMContentLoaded\",function(){for(var e,t,s=l.querySelectorAll(\"iframe.wp-embedded-content\"),r=0;r<s.length;r++)(t=(e=s[r]).getAttribute(\"data-secret\"))||(t=Math.random().toString(36).substring(2,12),e.src+=\"#?secret=\"+t,e.setAttribute(\"data-secret\",t)),e.contentWindow.postMessage({message:\"ready\",secret:t},\"*\")},!1)))}(window,document);\n\/* ]]> *\/\n<\/script>\n","thumbnail_url":"https:\/\/academiacatolica.com\/wp-content\/uploads\/2025\/06\/20250611_2050_Dia-de-Pentecostes_simple_compose_01jxgx79n7f56t3pr18h47pqny-1-1.png","thumbnail_width":1536,"thumbnail_height":1024,"description":"Hace 53 d\u00edas los ap\u00f3stoles estaban reunidos en el cen\u00e1culo. Jesucristo les lav\u00f3 los pies (que era lo que hac\u00edan los esclavos con los se\u00f1ores) y les ense\u00f1\u00f3 que si el maestro ven\u00eda a servir y no a ser servido, lo mismo deb\u00edan hacer ellos. El Se\u00f1or tambi\u00e9n rez\u00f3 al Padre por cada uno de [&hellip;]"}